{"id":157,"date":"2025-05-05T11:23:08","date_gmt":"2025-05-05T09:23:08","guid":{"rendered":"https:\/\/www.xefi.fr\/?page_id=157"},"modified":"2026-04-02T16:53:41","modified_gmt":"2026-04-02T14:53:41","slug":"conseils-d-experts-et-actualites","status":"publish","type":"page","link":"https:\/\/www.xefi.fr\/fr\/decouvrir-xefi\/a-propos-de-nous\/conseils-d-experts-et-actualites\/","title":{"rendered":"Conseils d\u2019experts et Actualit\u00e9s"},"content":{"rendered":"\n<div class=\"wp-block-group alignfull has-light-background-color has-background is-layout-constrained wp-container-core-group-is-layout-a47e864c wp-block-group-is-layout-constrained\" style=\"padding-top:var(--wp--preset--spacing--80);padding-right:var(--wp--preset--spacing--50);padding-bottom:var(--wp--preset--spacing--80);padding-left:var(--wp--preset--spacing--50)\">\n<h2 class=\"wp-block-heading has-text-align-center\" style=\"margin-bottom:var(--wp--preset--spacing--80)\">Parole \u00e0 <mark class=\"has-inline-color has-primary-color\">nos experts<\/mark><\/h2>\n\n\n<script type=\"application\/ld+json\">{\"@context\":\"https:\/\/schema.org\",\"@graph\":[{\"@type\":\"TechArticle\",\"headline\":\"Notre expert IT, S\u00e9bastien nous parle de nos solutions de maintenance\",\"dateCreated\":\"2025-09-01T12:35:53+02:00\",\"datePublished\":\"2025-09-01T12:35:53+02:00\",\"abstract\":\"En moins de 2 minutes, d\u00e9couvrez en vid\u00e9o, le t\u00e9moignage de notre expert en maintenance sur les solutions propos\u00e9es aux TPE et PME ! \\nPourquoi la maintenance informatique est-elle essentielle pour une TPE\/PME ? Quels sont les risques concrets pour l\u2019entreprise ? Comment XEFI y r\u00e9pond concr\u00e8tement ? \",\"inLanguage\":\"fr-FR\",\"url\":\"https:\/\/www.xefi.fr\/fr\/notre-expert-it-sebastien-nous-parle-de-nos-solutions-de-maintenance-informatique-pour-les-tpe-et-les-pme\/\",\"author\":{\"@type\":\"Person\",\"name\":\"sladana\"},\"image\":{\"@type\":\"ImageObject\",\"url\":\"https:\/\/www.xefi.fr\/wp-content\/uploads\/sites\/2\/2025\/07\/sebastien-expert-it-solution-maintenance-xefi-informatique-partenaire-des-tpe-pme.png\"}},{\"@type\":\"TechArticle\",\"headline\":\"Notre expert IT, Pierre nous parle de nos solutions en \u00e9quipement\",\"dateCreated\":\"2025-08-31T12:15:09+02:00\",\"datePublished\":\"2025-08-31T12:15:09+02:00\",\"abstract\":\"En moins de 2 minutes, d\u00e9couvrez en vid\u00e9o, le t\u00e9moignage de notre expert IT sur les solutions \u00e9quipement informatique propos\u00e9es aux TPE et PME ! Pourquoi une TPE\/PME doit-elle \u00eatre bien \u00e9quip\u00e9e en mat\u00e9riel informatique ? Concr\u00e8tement, quel mat\u00e9riel propose XEFI ? Pourquoi faire appel \u00e0 XEFI ?\",\"inLanguage\":\"fr-FR\",\"url\":\"https:\/\/www.xefi.fr\/fr\/notre-expert-it-pierre-nous-parle-de-nos-solutions-en-equipement-informatique\/\",\"author\":{\"@type\":\"Person\",\"name\":\"sladana\"},\"image\":{\"@type\":\"ImageObject\",\"url\":\"https:\/\/www.xefi.fr\/wp-content\/uploads\/sites\/2\/2025\/07\/pierre-expert-it-solution-equipement-xefi-informatique-partenaire-des-tpe-pme.png\"}},{\"@type\":\"TechArticle\",\"headline\":\"Notre experte IT, Lucile nous parle de nos solutions de s\u00e9curit\u00e9\",\"dateCreated\":\"2025-08-30T17:32:16+02:00\",\"datePublished\":\"2025-08-30T17:32:16+02:00\",\"abstract\":\"En moins de 2 minutes, d\u00e9couvrez en vid\u00e9o, le t\u00e9moignage de notre experte en s\u00e9curit\u00e9 sur les solutions propos\u00e9es aux TPE et PME pour se prot\u00e9ger des menaces informatiques ! Quels sont les risques d\u2019une faille de s\u00e9curit\u00e9 pour une entreprise ? Pourquoi les TPE et PME sont particuli\u00e8rement vis\u00e9es par les cyberattaques ? Comment [\u2026]\",\"inLanguage\":\"fr-FR\",\"url\":\"https:\/\/www.xefi.fr\/fr\/notre-experte-it-lucile-nous-parle-de-nos-solutions-en-securite-informatique-pour-les-tpe-et-pme\/\",\"author\":{\"@type\":\"Person\",\"name\":\"master\"},\"image\":{\"@type\":\"ImageObject\",\"url\":\"https:\/\/www.xefi.fr\/wp-content\/uploads\/sites\/2\/2025\/06\/lucille-experte-it-solution-securite-xefi-informatique-partenaire-des-tpe-pme.png\"}},{\"@type\":\"TechArticle\",\"headline\":\"Notre experte IT, Laura nous parle de nos solutions cloud\",\"dateCreated\":\"2025-08-29T17:31:54+02:00\",\"datePublished\":\"2025-08-29T17:31:54+02:00\",\"abstract\":\"En moins de 2 minutes, d\u00e9couvrez en vid\u00e9o, le t\u00e9moignage de notre experte en cloud sur les solutions propos\u00e9es aux TPE et PME ! \\nPourquoi le cloud est devenu essentiel ? Quels b\u00e9n\u00e9fices concrets pour vos clients ?\\nQuels sont les risques d\u2019une faille de s\u00e9curit\u00e9 pour une entreprise ? Quelle est la r\u00e9ponse de XEFI ?\",\"inLanguage\":\"fr-FR\",\"url\":\"https:\/\/www.xefi.fr\/fr\/notre-experte-it-laura-nous-parle-de-nos-solutions-cloud-pour-les-tpe-et-pme\/\",\"author\":{\"@type\":\"Person\",\"name\":\"master\"},\"image\":{\"@type\":\"ImageObject\",\"url\":\"https:\/\/www.xefi.fr\/wp-content\/uploads\/sites\/2\/2025\/06\/laura-experte-it-solution-cloud-xefi-informatique-partenaire-des-tpe-pme.png\"}},{\"@type\":\"TechArticle\",\"headline\":\"Notre expert IT, Antoine nous parle de nos solutions software\",\"dateCreated\":\"2025-08-28T12:36:31+02:00\",\"datePublished\":\"2025-08-28T12:36:31+02:00\",\"abstract\":\"En moins de 2 minutes, d\u00e9couvrez en vid\u00e9o, le t\u00e9moignage de notre expert sur les solutions software propos\u00e9es aux TPE et PME ! \\nPourquoi digitaliser la gestion administrative des TPE\/PME aujourd\u2019hui ?\\nEn quoi XEFI accompagne les TPE\/PME dans cette transformation ? \\nSur quoi XEFI se d\u00e9marque de la concurrence ?\",\"inLanguage\":\"fr-FR\",\"url\":\"https:\/\/www.xefi.fr\/fr\/notre-expert-it-antoine-nous-parle-de-nos-solutions-software-digitales-pour-les-pme-et-pme\/\",\"author\":{\"@type\":\"Person\",\"name\":\"master\"},\"image\":{\"@type\":\"ImageObject\",\"url\":\"https:\/\/www.xefi.fr\/wp-content\/uploads\/sites\/2\/2025\/06\/antoine-expert-it-solution-software-digitale-xefi-informatique-partenaire-des-tpe-pme.png\"}}]}<\/script><div class=\"manitoba-articles-carousel\" id=\"articles-carousel-1\"\n  data-max-items=\"5\" data-autoplay=\"false\" data-autoplay-delay=\"5000\">\n  <div class=\"swiper\">\n    <div class=\"swiper-wrapper\">\n            <div class=\"swiper-slide\">\n        <article class=\"article-card cut-border\">\n          <div class=\"article-media\">\n                        <div class=\"article-video\">\n              <iframe loading=\"lazy\" title=\"Notre expert IT, S\u00e9bastien nous parle des solutions de maintenance informatique de XEFI\" width=\"500\" height=\"281\" src=\"https:\/\/www.youtube.com\/embed\/uXW3fZ0Mjf0?feature=oembed\" frameborder=\"0\" allow=\"accelerometer; autoplay; clipboard-write; encrypted-media; gyroscope; picture-in-picture; web-share\" referrerpolicy=\"strict-origin-when-cross-origin\" allowfullscreen><\/iframe>            <\/div>\n                      <\/div>\n\n          <div class=\"article-content\">\n            <p class=\"article-meta\">\n                            <span class=\"article-category\">\n                Maintenance              <\/span>\n                          <\/p>\n\n                        <p class=\"article-tags\">\n                            <span class=\"article-tag\">\n                depannage informatique              <\/span>\n                            <span class=\"article-tag\">\n                maintenance preventive              <\/span>\n                          <\/p>\n            \n            <h3 class=\"article-title\">\n              <a\n                href=\"https:\/\/www.xefi.fr\/fr\/notre-expert-it-sebastien-nous-parle-de-nos-solutions-de-maintenance-informatique-pour-les-tpe-et-les-pme\/\">Notre expert IT, S\u00e9bastien nous parle de nos solutions de maintenance<\/a>\n            <\/h3>\n\n            <p class=\"article-excerpt\">\n              En moins de 2 minutes, d\u00e9couvrez en vid\u00e9o, le t\u00e9moignage de notre expert en maintenance sur les solutions propos\u00e9es aux TPE et PME ! \nPourquoi la maintenance informatique est-elle essentielle pour une TPE\/PME ? Quels sont les risques concrets pour l\u2019entreprise ? Comment XEFI y r\u00e9pond concr\u00e8tement ?             <\/p>\n            <a class=\"article-btn\" aria-label=\"Notre expert IT, S\u00e9bastien nous parle de nos solutions de maintenance\"\n              href=\"https:\/\/www.xefi.fr\/fr\/notre-expert-it-sebastien-nous-parle-de-nos-solutions-de-maintenance-informatique-pour-les-tpe-et-les-pme\/\">\n              Voir plus            <\/a>\n          <\/div>\n        <\/article>\n      <\/div>\n            <div class=\"swiper-slide\">\n        <article class=\"article-card cut-border\">\n          <div class=\"article-media\">\n                        <div class=\"article-video\">\n              <iframe loading=\"lazy\" title=\"Notre expert IT, Pierre nous parle des solutions en \u00e9quipement informatique de XEFI\" width=\"500\" height=\"281\" src=\"https:\/\/www.youtube.com\/embed\/qTK6yxPdNfg?feature=oembed\" frameborder=\"0\" allow=\"accelerometer; autoplay; clipboard-write; encrypted-media; gyroscope; picture-in-picture; web-share\" referrerpolicy=\"strict-origin-when-cross-origin\" allowfullscreen><\/iframe>            <\/div>\n                      <\/div>\n\n          <div class=\"article-content\">\n            <p class=\"article-meta\">\n                            <span class=\"article-category\">\n                \u00c9quipement              <\/span>\n                          <\/p>\n\n                        <p class=\"article-tags\">\n                            <span class=\"article-tag\">\n                hp              <\/span>\n                            <span class=\"article-tag\">\n                pc              <\/span>\n                            <span class=\"article-tag\">\n                peripherique informatique              <\/span>\n                          <\/p>\n            \n            <h3 class=\"article-title\">\n              <a\n                href=\"https:\/\/www.xefi.fr\/fr\/notre-expert-it-pierre-nous-parle-de-nos-solutions-en-equipement-informatique\/\">Notre expert IT, Pierre nous parle de nos solutions en \u00e9quipement<\/a>\n            <\/h3>\n\n            <p class=\"article-excerpt\">\n              En moins de 2 minutes, d\u00e9couvrez en vid\u00e9o, le t\u00e9moignage de notre expert IT sur les solutions \u00e9quipement informatique propos\u00e9es aux TPE et PME ! Pourquoi une TPE\/PME doit-elle \u00eatre bien \u00e9quip\u00e9e en mat\u00e9riel informatique ? Concr\u00e8tement, quel mat\u00e9riel propose XEFI ? Pourquoi faire appel \u00e0 XEFI ?            <\/p>\n            <a class=\"article-btn\" aria-label=\"Notre expert IT, Pierre nous parle de nos solutions en \u00e9quipement\"\n              href=\"https:\/\/www.xefi.fr\/fr\/notre-expert-it-pierre-nous-parle-de-nos-solutions-en-equipement-informatique\/\">\n              Voir plus            <\/a>\n          <\/div>\n        <\/article>\n      <\/div>\n            <div class=\"swiper-slide\">\n        <article class=\"article-card cut-border\">\n          <div class=\"article-media\">\n                        <div class=\"article-video\">\n              <iframe loading=\"lazy\" title=\"Notre experte IT, Lucile nous parle des solutions de s\u00e9curit\u00e9 informatique de XEFI\" width=\"500\" height=\"281\" src=\"https:\/\/www.youtube.com\/embed\/tYAw_HV1Z7U?feature=oembed\" frameborder=\"0\" allow=\"accelerometer; autoplay; clipboard-write; encrypted-media; gyroscope; picture-in-picture; web-share\" referrerpolicy=\"strict-origin-when-cross-origin\" allowfullscreen><\/iframe>            <\/div>\n                      <\/div>\n\n          <div class=\"article-content\">\n            <p class=\"article-meta\">\n                            <span class=\"article-category\">\n                S\u00e9curit\u00e9              <\/span>\n                          <\/p>\n\n                        <p class=\"article-tags\">\n                            <span class=\"article-tag\">\n                antivirus              <\/span>\n                            <span class=\"article-tag\">\n                cyberattaque              <\/span>\n                            <span class=\"article-tag\">\n                ransomware              <\/span>\n                          <\/p>\n            \n            <h3 class=\"article-title\">\n              <a\n                href=\"https:\/\/www.xefi.fr\/fr\/notre-experte-it-lucile-nous-parle-de-nos-solutions-en-securite-informatique-pour-les-tpe-et-pme\/\">Notre experte IT, Lucile nous parle de nos solutions de s\u00e9curit\u00e9<\/a>\n            <\/h3>\n\n            <p class=\"article-excerpt\">\n              En moins de 2 minutes, d\u00e9couvrez en vid\u00e9o, le t\u00e9moignage de notre experte en s\u00e9curit\u00e9 sur les solutions propos\u00e9es aux TPE et PME pour se prot\u00e9ger des menaces informatiques ! Quels sont les risques d\u2019une faille de s\u00e9curit\u00e9 pour une entreprise ? Pourquoi les TPE et PME sont particuli\u00e8rement vis\u00e9es par les cyberattaques ? Comment&#8230;            <\/p>\n            <a class=\"article-btn\" aria-label=\"Notre experte IT, Lucile nous parle de nos solutions de s\u00e9curit\u00e9\"\n              href=\"https:\/\/www.xefi.fr\/fr\/notre-experte-it-lucile-nous-parle-de-nos-solutions-en-securite-informatique-pour-les-tpe-et-pme\/\">\n              Voir plus            <\/a>\n          <\/div>\n        <\/article>\n      <\/div>\n            <div class=\"swiper-slide\">\n        <article class=\"article-card cut-border\">\n          <div class=\"article-media\">\n                        <div class=\"article-video\">\n              <iframe loading=\"lazy\" title=\"Notre experte IT, Laura nous parle des solutions cloud de XEFI\" width=\"500\" height=\"281\" src=\"https:\/\/www.youtube.com\/embed\/pzj2X8vP8Jw?feature=oembed\" frameborder=\"0\" allow=\"accelerometer; autoplay; clipboard-write; encrypted-media; gyroscope; picture-in-picture; web-share\" referrerpolicy=\"strict-origin-when-cross-origin\" allowfullscreen><\/iframe>            <\/div>\n                      <\/div>\n\n          <div class=\"article-content\">\n            <p class=\"article-meta\">\n                            <span class=\"article-category\">\n                Cloud              <\/span>\n                          <\/p>\n\n                        <p class=\"article-tags\">\n                            <span class=\"article-tag\">\n                pca              <\/span>\n                            <span class=\"article-tag\">\n                pra              <\/span>\n                            <span class=\"article-tag\">\n                sauvegarde              <\/span>\n                            <span class=\"article-tag\">\n                serveurs cloud              <\/span>\n                          <\/p>\n            \n            <h3 class=\"article-title\">\n              <a\n                href=\"https:\/\/www.xefi.fr\/fr\/notre-experte-it-laura-nous-parle-de-nos-solutions-cloud-pour-les-tpe-et-pme\/\">Notre experte IT, Laura nous parle de nos solutions cloud<\/a>\n            <\/h3>\n\n            <p class=\"article-excerpt\">\n              En moins de 2 minutes, d\u00e9couvrez en vid\u00e9o, le t\u00e9moignage de notre experte en cloud sur les solutions propos\u00e9es aux TPE et PME ! \nPourquoi le cloud est devenu essentiel ? Quels b\u00e9n\u00e9fices concrets pour vos clients ?\nQuels sont les risques d\u2019une faille de s\u00e9curit\u00e9 pour une entreprise ? Quelle est la r\u00e9ponse de XEFI ?            <\/p>\n            <a class=\"article-btn\" aria-label=\"Notre experte IT, Laura nous parle de nos solutions cloud\"\n              href=\"https:\/\/www.xefi.fr\/fr\/notre-experte-it-laura-nous-parle-de-nos-solutions-cloud-pour-les-tpe-et-pme\/\">\n              Voir plus            <\/a>\n          <\/div>\n        <\/article>\n      <\/div>\n            <div class=\"swiper-slide\">\n        <article class=\"article-card cut-border\">\n          <div class=\"article-media\">\n                        <div class=\"article-video\">\n              <iframe loading=\"lazy\" title=\"Notre expert IT, Antoine nous parle des solutions software\/digitales de XEFI\" width=\"500\" height=\"281\" src=\"https:\/\/www.youtube.com\/embed\/7fGs-byb-tY?feature=oembed\" frameborder=\"0\" allow=\"accelerometer; autoplay; clipboard-write; encrypted-media; gyroscope; picture-in-picture; web-share\" referrerpolicy=\"strict-origin-when-cross-origin\" allowfullscreen><\/iframe>            <\/div>\n                      <\/div>\n\n          <div class=\"article-content\">\n            <p class=\"article-meta\">\n                            <span class=\"article-category\">\n                Software              <\/span>\n                          <\/p>\n\n                        <p class=\"article-tags\">\n                            <span class=\"article-tag\">\n                digitalisation              <\/span>\n                            <span class=\"article-tag\">\n                essentio              <\/span>\n                            <span class=\"article-tag\">\n                Logiciel              <\/span>\n                          <\/p>\n            \n            <h3 class=\"article-title\">\n              <a\n                href=\"https:\/\/www.xefi.fr\/fr\/notre-expert-it-antoine-nous-parle-de-nos-solutions-software-digitales-pour-les-pme-et-pme\/\">Notre expert IT, Antoine nous parle de nos solutions software<\/a>\n            <\/h3>\n\n            <p class=\"article-excerpt\">\n              En moins de 2 minutes, d\u00e9couvrez en vid\u00e9o, le t\u00e9moignage de notre expert sur les solutions software propos\u00e9es aux TPE et PME ! \nPourquoi digitaliser la gestion administrative des TPE\/PME aujourd\u2019hui ?\nEn quoi XEFI accompagne les TPE\/PME dans cette transformation ? \nSur quoi XEFI se d\u00e9marque de la concurrence ?            <\/p>\n            <a class=\"article-btn\" aria-label=\"Notre expert IT, Antoine nous parle de nos solutions software\"\n              href=\"https:\/\/www.xefi.fr\/fr\/notre-expert-it-antoine-nous-parle-de-nos-solutions-software-digitales-pour-les-pme-et-pme\/\">\n              Voir plus            <\/a>\n          <\/div>\n        <\/article>\n      <\/div>\n          <\/div>\n\n        <div class=\"swiper-pagination\"><\/div>\n      <\/div>\n    <div class=\"swiper-button-next\" data-nav-next=\"articles-carousel-1\"><\/div>\n  <div class=\"swiper-button-prev\" data-nav-prev=\"articles-carousel-1\"><\/div>\n  <\/div>\n\n<\/div>\n\n\n\n<div class=\"wp-block-group alignfull is-layout-constrained wp-container-core-group-is-layout-a47e864c wp-block-group-is-layout-constrained\" style=\"padding-top:var(--wp--preset--spacing--80);padding-right:var(--wp--preset--spacing--50);padding-bottom:var(--wp--preset--spacing--80);padding-left:var(--wp--preset--spacing--50)\">\n<h2 class=\"wp-block-heading has-text-align-center\" style=\"margin-bottom:var(--wp--preset--spacing--80)\">Tous nos conseils d&rsquo;experts et actualit\u00e9s<\/h2>\n\n\n\n<div class=\"manitoba-blog-filters\" data-posts-per-page=\"8\" role=\"region\"\n  aria-label=\"Filtres de recherche du blog\">\n\n    <form class=\"mbf-filters-wrapper\" method=\"get\" action=\"https:\/\/www.xefi.fr\/fr\/\" role=\"search\">\n\n        <div class=\"mbf-search-box\">\n      <label for=\"mbf-search-input\"\n        class=\"screen-reader-text\">Rechercher des articles<\/label>\n      <input type=\"search\" id=\"mbf-search-input\" name=\"s\" class=\"mbf-search-input\"\n        value=\"\"\n        placeholder=\"Rechercher...\"\n        aria-label=\"Rechercher des articles\">\n    <\/div>\n    \n        <div class=\"mbf-categories-box\">\n      <p id=\"mbf-categories-heading\" class=\"mbf-categories-heading\">\n        S\u00e9lectionner une cat\u00e9gorie<\/p>\n      <div class=\"mbf-categories-list\" role=\"group\" aria-labelledby=\"mbf-categories-heading\">\n                <label class=\"mbf-category-item\">\n          <input type=\"checkbox\" name=\"categories[]\" value=\"164\"\n            class=\"mbf-category-checkbox\" >\n          <span>Actu XEFI<\/span>\n        <\/label>\n                <label class=\"mbf-category-item\">\n          <input type=\"checkbox\" name=\"categories[]\" value=\"166\"\n            class=\"mbf-category-checkbox\" >\n          <span>Business Units<\/span>\n        <\/label>\n                <label class=\"mbf-category-item\">\n          <input type=\"checkbox\" name=\"categories[]\" value=\"246\"\n            class=\"mbf-category-checkbox\" >\n          <span>Carri\u00e8re<\/span>\n        <\/label>\n                <label class=\"mbf-category-item\">\n          <input type=\"checkbox\" name=\"categories[]\" value=\"26\"\n            class=\"mbf-category-checkbox\" >\n          <span>Cloud<\/span>\n        <\/label>\n                <label class=\"mbf-category-item\">\n          <input type=\"checkbox\" name=\"categories[]\" value=\"22\"\n            class=\"mbf-category-checkbox\" >\n          <span>\u00c9quipement<\/span>\n        <\/label>\n                <label class=\"mbf-category-item\">\n          <input type=\"checkbox\" name=\"categories[]\" value=\"24\"\n            class=\"mbf-category-checkbox\" >\n          <span>Maintenance<\/span>\n        <\/label>\n                <label class=\"mbf-category-item\">\n          <input type=\"checkbox\" name=\"categories[]\" value=\"247\"\n            class=\"mbf-category-checkbox\" >\n          <span>Recrutement<\/span>\n        <\/label>\n                <label class=\"mbf-category-item\">\n          <input type=\"checkbox\" name=\"categories[]\" value=\"23\"\n            class=\"mbf-category-checkbox\" >\n          <span>S\u00e9curit\u00e9<\/span>\n        <\/label>\n                <label class=\"mbf-category-item\">\n          <input type=\"checkbox\" name=\"categories[]\" value=\"27\"\n            class=\"mbf-category-checkbox\" >\n          <span>Software<\/span>\n        <\/label>\n              <\/div>\n    <\/div>\n    \n    <noscript>\n      <button type=\"submit\"\n        class=\"mbf-submit-btn\">Filtrer<\/button>\n    <\/noscript>\n\n  <\/form>\n  \n  <div class=\"mbf-results-wrapper\">\n    <div class=\"mbf-loading\" style=\"display: none;\" role=\"status\" aria-live=\"polite\">\n      <span class=\"mbf-spinner\" aria-hidden=\"true\"><\/span>\n      <span>Chargement...<\/span>\n    <\/div>\n\n    <div class=\"mbf-posts-grid\" role=\"region\" aria-live=\"polite\" aria-atomic=\"false\">\n      \n<article class=\"mbf-post-item cut-border\" data-post-id=\"14479\">\n  <div class=\"mbf-post-meta\">\n        <span class=\"mbf-post-categories\">\n            <span class=\"mbf-category-badge\">Cloud<\/span>\n          <\/span>\n      <\/div>\n\n    <div class=\"mbf-post-thumbnail\">\n    <a href=\"https:\/\/www.xefi.fr\/fr\/webinar-le-cloud-securite-et-economies-pour-votre-tpe-pme\/\">\n      <img loading=\"lazy\" decoding=\"async\" width=\"300\" height=\"169\" src=\"https:\/\/www.xefi.fr\/wp-content\/uploads\/sites\/2\/2026\/04\/Webinar-le-cloud-securite-et-economies-pour-votre-tpe-pme_LP_XEFI-Prestataire-Partenaire-informatique-des-TPE-300x169.png\" class=\"attachment-medium size-medium wp-post-image\" alt=\"\" srcset=\"https:\/\/www.xefi.fr\/wp-content\/uploads\/sites\/2\/2026\/04\/Webinar-le-cloud-securite-et-economies-pour-votre-tpe-pme_LP_XEFI-Prestataire-Partenaire-informatique-des-TPE-300x169.png 300w, https:\/\/www.xefi.fr\/wp-content\/uploads\/sites\/2\/2026\/04\/Webinar-le-cloud-securite-et-economies-pour-votre-tpe-pme_LP_XEFI-Prestataire-Partenaire-informatique-des-TPE-1024x576.png 1024w, https:\/\/www.xefi.fr\/wp-content\/uploads\/sites\/2\/2026\/04\/Webinar-le-cloud-securite-et-economies-pour-votre-tpe-pme_LP_XEFI-Prestataire-Partenaire-informatique-des-TPE-768x432.png 768w, https:\/\/www.xefi.fr\/wp-content\/uploads\/sites\/2\/2026\/04\/Webinar-le-cloud-securite-et-economies-pour-votre-tpe-pme_LP_XEFI-Prestataire-Partenaire-informatique-des-TPE-1536x864.png 1536w, https:\/\/www.xefi.fr\/wp-content\/uploads\/sites\/2\/2026\/04\/Webinar-le-cloud-securite-et-economies-pour-votre-tpe-pme_LP_XEFI-Prestataire-Partenaire-informatique-des-TPE-2048x1152.png 2048w\" sizes=\"auto, (max-width: 300px) 100vw, 300px\" \/>    <\/a>\n  <\/div>\n  \n  <div class=\"mbf-post-content\">\n    <div class=\"mbf-post-meta\">\n            <span class=\"mbf-post-article-types\">\n                <span class=\"mbf-article-type-badge\">Webinar Experts<\/span>\n              <\/span>\n          <\/div>\n\n    <h3 class=\"mbf-post-title\">\n      <a href=\"https:\/\/www.xefi.fr\/fr\/webinar-le-cloud-securite-et-economies-pour-votre-tpe-pme\/\">Webinar : le Cloud, s\u00e9curit\u00e9 et \u00e9conomies pour votre TPE\/PME<\/a>\n    <\/h3>\n\n    <p class=\"mbf-post-date\">3 avril 2026<\/p>\n  <\/div>\n<\/article>\n<article class=\"mbf-post-item cut-border\" data-post-id=\"16437\">\n  <div class=\"mbf-post-meta\">\n        <span class=\"mbf-post-categories\">\n            <span class=\"mbf-category-badge\">Cloud<\/span>\n          <\/span>\n      <\/div>\n\n    <div class=\"mbf-post-thumbnail\">\n    <a href=\"https:\/\/www.xefi.fr\/fr\/cloud-vs-serveur-local-quelle-solution-est-la-plus-rentable-pour-une-tpe-pme\/\">\n      <img loading=\"lazy\" decoding=\"async\" width=\"300\" height=\"200\" src=\"https:\/\/www.xefi.fr\/wp-content\/uploads\/sites\/2\/2026\/04\/Actualite-Cloud-vs-serveur-local-Quelle-solution-est-la-plus-rentable-pour-une-TPE-PME_4-300x200.png\" class=\"attachment-medium size-medium wp-post-image\" alt=\"\" srcset=\"https:\/\/www.xefi.fr\/wp-content\/uploads\/sites\/2\/2026\/04\/Actualite-Cloud-vs-serveur-local-Quelle-solution-est-la-plus-rentable-pour-une-TPE-PME_4-300x200.png 300w, https:\/\/www.xefi.fr\/wp-content\/uploads\/sites\/2\/2026\/04\/Actualite-Cloud-vs-serveur-local-Quelle-solution-est-la-plus-rentable-pour-une-TPE-PME_4.png 470w\" sizes=\"auto, (max-width: 300px) 100vw, 300px\" \/>    <\/a>\n  <\/div>\n  \n  <div class=\"mbf-post-content\">\n    <div class=\"mbf-post-meta\">\n            <span class=\"mbf-post-article-types\">\n                <span class=\"mbf-article-type-badge\">Actualit\u00e9<\/span>\n              <\/span>\n          <\/div>\n\n    <h3 class=\"mbf-post-title\">\n      <a href=\"https:\/\/www.xefi.fr\/fr\/cloud-vs-serveur-local-quelle-solution-est-la-plus-rentable-pour-une-tpe-pme\/\">Cloud vs serveur local : Quelle solution est la plus rentable pour une TPE\/PME ?<\/a>\n    <\/h3>\n\n    <p class=\"mbf-post-date\">22 avril 2026<\/p>\n  <\/div>\n<\/article>\n<article class=\"mbf-post-item cut-border\" data-post-id=\"14019\">\n  <div class=\"mbf-post-meta\">\n        <span class=\"mbf-post-categories\">\n            <span class=\"mbf-category-badge\">S\u00e9curit\u00e9<\/span>\n          <\/span>\n      <\/div>\n\n    <div class=\"mbf-post-thumbnail\">\n    <a href=\"https:\/\/www.xefi.fr\/fr\/la-protection-des-mots-de-passe-un-enjeu-cybersecurite-vital-pour-les-pme-tpe\/\">\n      <img loading=\"lazy\" decoding=\"async\" width=\"300\" height=\"188\" src=\"https:\/\/www.xefi.fr\/wp-content\/uploads\/sites\/2\/2026\/03\/Actualite-La-protection-des-mots-de-passe-un-enjeu-de-cybersecurite-vital-pour-les-pme-en-2026_XEFI-Partenaire-informatique-des-TPE-PME_1-300x188.png\" class=\"attachment-medium size-medium wp-post-image\" alt=\"\" srcset=\"https:\/\/www.xefi.fr\/wp-content\/uploads\/sites\/2\/2026\/03\/Actualite-La-protection-des-mots-de-passe-un-enjeu-de-cybersecurite-vital-pour-les-pme-en-2026_XEFI-Partenaire-informatique-des-TPE-PME_1-300x188.png 300w, https:\/\/www.xefi.fr\/wp-content\/uploads\/sites\/2\/2026\/03\/Actualite-La-protection-des-mots-de-passe-un-enjeu-de-cybersecurite-vital-pour-les-pme-en-2026_XEFI-Partenaire-informatique-des-TPE-PME_1-768x480.png 768w, https:\/\/www.xefi.fr\/wp-content\/uploads\/sites\/2\/2026\/03\/Actualite-La-protection-des-mots-de-passe-un-enjeu-de-cybersecurite-vital-pour-les-pme-en-2026_XEFI-Partenaire-informatique-des-TPE-PME_1.png 800w\" sizes=\"auto, (max-width: 300px) 100vw, 300px\" \/>    <\/a>\n  <\/div>\n  \n  <div class=\"mbf-post-content\">\n    <div class=\"mbf-post-meta\">\n            <span class=\"mbf-post-article-types\">\n                <span class=\"mbf-article-type-badge\">Actualit\u00e9<\/span>\n              <\/span>\n          <\/div>\n\n    <h3 class=\"mbf-post-title\">\n      <a href=\"https:\/\/www.xefi.fr\/fr\/la-protection-des-mots-de-passe-un-enjeu-cybersecurite-vital-pour-les-pme-tpe\/\">La protection des mots de passe : un enjeu de cybers\u00e9curit\u00e9 vital pour les tpe et PME en 2026<\/a>\n    <\/h3>\n\n    <p class=\"mbf-post-date\">19 mars 2026<\/p>\n  <\/div>\n<\/article>\n<article class=\"mbf-post-item cut-border\" data-post-id=\"13857\">\n  <div class=\"mbf-post-meta\">\n        <span class=\"mbf-post-categories\">\n            <span class=\"mbf-category-badge\">Actu XEFI<\/span>\n            <span class=\"mbf-category-badge\">S\u00e9curit\u00e9<\/span>\n          <\/span>\n      <\/div>\n\n    <div class=\"mbf-post-thumbnail\">\n    <a href=\"https:\/\/www.xefi.fr\/fr\/importance-switch-reseau-tpe-pme\/\">\n      <img loading=\"lazy\" decoding=\"async\" width=\"300\" height=\"201\" src=\"https:\/\/www.xefi.fr\/wp-content\/uploads\/sites\/2\/2026\/03\/Pourquoi-le-switch-est-il-le-coeur-du-reseau-de-votre-TPE-PM_XEFI-Prestataire-Partenaire-informatique-des-TPE-PME-300x201.png\" class=\"attachment-medium size-medium wp-post-image\" alt=\"\" srcset=\"https:\/\/www.xefi.fr\/wp-content\/uploads\/sites\/2\/2026\/03\/Pourquoi-le-switch-est-il-le-coeur-du-reseau-de-votre-TPE-PM_XEFI-Prestataire-Partenaire-informatique-des-TPE-PME-300x201.png 300w, https:\/\/www.xefi.fr\/wp-content\/uploads\/sites\/2\/2026\/03\/Pourquoi-le-switch-est-il-le-coeur-du-reseau-de-votre-TPE-PM_XEFI-Prestataire-Partenaire-informatique-des-TPE-PME.png 625w\" sizes=\"auto, (max-width: 300px) 100vw, 300px\" \/>    <\/a>\n  <\/div>\n  \n  <div class=\"mbf-post-content\">\n    <div class=\"mbf-post-meta\">\n          <\/div>\n\n    <h3 class=\"mbf-post-title\">\n      <a href=\"https:\/\/www.xefi.fr\/fr\/importance-switch-reseau-tpe-pme\/\">Pourquoi le switch est-il le c\u0153ur du r\u00e9seau de votre TPE\/PME ?<\/a>\n    <\/h3>\n\n    <p class=\"mbf-post-date\">17 mars 2026<\/p>\n  <\/div>\n<\/article>\n<article class=\"mbf-post-item cut-border\" data-post-id=\"13743\">\n  <div class=\"mbf-post-meta\">\n        <span class=\"mbf-post-categories\">\n            <span class=\"mbf-category-badge\">S\u00e9curit\u00e9<\/span>\n          <\/span>\n      <\/div>\n\n    <div class=\"mbf-post-thumbnail\">\n    <a href=\"https:\/\/www.xefi.fr\/fr\/webinar-securite-informatique-tpe-pme-etes-vous-vraiment-protege-contre-une-cyberattaque\/\">\n      <img loading=\"lazy\" decoding=\"async\" width=\"300\" height=\"169\" src=\"https:\/\/www.xefi.fr\/wp-content\/uploads\/sites\/2\/2026\/03\/Webinar-cybersecurite-informatique-tpe-pme-etes-vous-vraiment-protege-contre-une-cyberattaque_LP_XEFI_3-300x169.png\" class=\"attachment-medium size-medium wp-post-image\" alt=\"\" srcset=\"https:\/\/www.xefi.fr\/wp-content\/uploads\/sites\/2\/2026\/03\/Webinar-cybersecurite-informatique-tpe-pme-etes-vous-vraiment-protege-contre-une-cyberattaque_LP_XEFI_3-300x169.png 300w, https:\/\/www.xefi.fr\/wp-content\/uploads\/sites\/2\/2026\/03\/Webinar-cybersecurite-informatique-tpe-pme-etes-vous-vraiment-protege-contre-une-cyberattaque_LP_XEFI_3-1024x576.png 1024w, https:\/\/www.xefi.fr\/wp-content\/uploads\/sites\/2\/2026\/03\/Webinar-cybersecurite-informatique-tpe-pme-etes-vous-vraiment-protege-contre-une-cyberattaque_LP_XEFI_3-768x432.png 768w, https:\/\/www.xefi.fr\/wp-content\/uploads\/sites\/2\/2026\/03\/Webinar-cybersecurite-informatique-tpe-pme-etes-vous-vraiment-protege-contre-une-cyberattaque_LP_XEFI_3-1536x864.png 1536w, https:\/\/www.xefi.fr\/wp-content\/uploads\/sites\/2\/2026\/03\/Webinar-cybersecurite-informatique-tpe-pme-etes-vous-vraiment-protege-contre-une-cyberattaque_LP_XEFI_3-2048x1152.png 2048w\" sizes=\"auto, (max-width: 300px) 100vw, 300px\" \/>    <\/a>\n  <\/div>\n  \n  <div class=\"mbf-post-content\">\n    <div class=\"mbf-post-meta\">\n            <span class=\"mbf-post-article-types\">\n                <span class=\"mbf-article-type-badge\">Webinar Experts<\/span>\n              <\/span>\n          <\/div>\n\n    <h3 class=\"mbf-post-title\">\n      <a href=\"https:\/\/www.xefi.fr\/fr\/webinar-securite-informatique-tpe-pme-etes-vous-vraiment-protege-contre-une-cyberattaque\/\">Webinar Cybers\u00e9curit\u00e9 : votre TPE\/PME est-elle prot\u00e9g\u00e9e au bon niveau ? Nouvelle session<\/a>\n    <\/h3>\n\n    <p class=\"mbf-post-date\">5 mars 2026<\/p>\n  <\/div>\n<\/article>\n<article class=\"mbf-post-item cut-border\" data-post-id=\"13734\">\n  <div class=\"mbf-post-meta\">\n        <span class=\"mbf-post-categories\">\n            <span class=\"mbf-category-badge\">Cloud<\/span>\n            <span class=\"mbf-category-badge\">Actu XEFI<\/span>\n          <\/span>\n      <\/div>\n\n    <div class=\"mbf-post-thumbnail\">\n    <a href=\"https:\/\/www.xefi.fr\/fr\/qu-est-ce-qu-un-pra-plan-de-reprise-d-activite\/\">\n      <img loading=\"lazy\" decoding=\"async\" width=\"300\" height=\"200\" src=\"https:\/\/www.xefi.fr\/wp-content\/uploads\/sites\/2\/2026\/03\/plan-de-reprise-d-activite-pra-xefi-partenaire-informatique-des-tpe-pme-bd-300x200.jpg\" class=\"attachment-medium size-medium wp-post-image\" alt=\"\" srcset=\"https:\/\/www.xefi.fr\/wp-content\/uploads\/sites\/2\/2026\/03\/plan-de-reprise-d-activite-pra-xefi-partenaire-informatique-des-tpe-pme-bd-300x200.jpg 300w, https:\/\/www.xefi.fr\/wp-content\/uploads\/sites\/2\/2026\/03\/plan-de-reprise-d-activite-pra-xefi-partenaire-informatique-des-tpe-pme-bd-1024x684.jpg 1024w, https:\/\/www.xefi.fr\/wp-content\/uploads\/sites\/2\/2026\/03\/plan-de-reprise-d-activite-pra-xefi-partenaire-informatique-des-tpe-pme-bd-768x513.jpg 768w, https:\/\/www.xefi.fr\/wp-content\/uploads\/sites\/2\/2026\/03\/plan-de-reprise-d-activite-pra-xefi-partenaire-informatique-des-tpe-pme-bd-1536x1026.jpg 1536w, https:\/\/www.xefi.fr\/wp-content\/uploads\/sites\/2\/2026\/03\/plan-de-reprise-d-activite-pra-xefi-partenaire-informatique-des-tpe-pme-bd.jpg 1920w\" sizes=\"auto, (max-width: 300px) 100vw, 300px\" \/>    <\/a>\n  <\/div>\n  \n  <div class=\"mbf-post-content\">\n    <div class=\"mbf-post-meta\">\n          <\/div>\n\n    <h3 class=\"mbf-post-title\">\n      <a href=\"https:\/\/www.xefi.fr\/fr\/qu-est-ce-qu-un-pra-plan-de-reprise-d-activite\/\">Qu&rsquo;est-ce qu&rsquo;un PRA (Plan de Reprise d&rsquo;Activit\u00e9)\u00a0? : le guide essentiel pour les TPE\/PME<\/a>\n    <\/h3>\n\n    <p class=\"mbf-post-date\">3 mars 2026<\/p>\n  <\/div>\n<\/article>\n<article class=\"mbf-post-item cut-border\" data-post-id=\"13684\">\n  <div class=\"mbf-post-meta\">\n        <span class=\"mbf-post-categories\">\n            <span class=\"mbf-category-badge\">S\u00e9curit\u00e9<\/span>\n          <\/span>\n      <\/div>\n\n    <div class=\"mbf-post-thumbnail\">\n    <a href=\"https:\/\/www.xefi.fr\/fr\/comment-choisir-pare-feu-entreprise-pme-tpe-guide\/\">\n      <img loading=\"lazy\" decoding=\"async\" width=\"300\" height=\"200\" src=\"https:\/\/www.xefi.fr\/wp-content\/uploads\/sites\/2\/2026\/02\/Actualite-Comment-choisir-son-pare-feu-firewall-d-entreprise_XEFI-Partenaire-informatique-des-TPE-PME-300x200.jpg\" class=\"attachment-medium size-medium wp-post-image\" alt=\"\" srcset=\"https:\/\/www.xefi.fr\/wp-content\/uploads\/sites\/2\/2026\/02\/Actualite-Comment-choisir-son-pare-feu-firewall-d-entreprise_XEFI-Partenaire-informatique-des-TPE-PME-300x200.jpg 300w, https:\/\/www.xefi.fr\/wp-content\/uploads\/sites\/2\/2026\/02\/Actualite-Comment-choisir-son-pare-feu-firewall-d-entreprise_XEFI-Partenaire-informatique-des-TPE-PME.jpg 600w\" sizes=\"auto, (max-width: 300px) 100vw, 300px\" \/>    <\/a>\n  <\/div>\n  \n  <div class=\"mbf-post-content\">\n    <div class=\"mbf-post-meta\">\n            <span class=\"mbf-post-article-types\">\n                <span class=\"mbf-article-type-badge\">Actualit\u00e9<\/span>\n              <\/span>\n          <\/div>\n\n    <h3 class=\"mbf-post-title\">\n      <a href=\"https:\/\/www.xefi.fr\/fr\/comment-choisir-pare-feu-entreprise-pme-tpe-guide\/\">Comment bien choisir son pare-feu (Firewall) d&rsquo;entreprise en 2026 ? Le guide pour TPE &amp; PME<\/a>\n    <\/h3>\n\n    <p class=\"mbf-post-date\">23 f\u00e9vrier 2026<\/p>\n  <\/div>\n<\/article>\n<article class=\"mbf-post-item cut-border\" data-post-id=\"13667\">\n  <div class=\"mbf-post-meta\">\n        <span class=\"mbf-post-categories\">\n            <span class=\"mbf-category-badge\">Actu XEFI<\/span>\n          <\/span>\n      <\/div>\n\n    <div class=\"mbf-post-thumbnail\">\n    <a href=\"https:\/\/www.xefi.fr\/fr\/xefi-champion-de-la-croissance-2026-un-partenaire-de-confiance-pour-la-performance-des-tpe-pme\/\">\n      <img loading=\"lazy\" decoding=\"async\" width=\"300\" height=\"199\" src=\"https:\/\/www.xefi.fr\/wp-content\/uploads\/sites\/2\/2026\/02\/xefi-classe-parmi-les-champions-de-la-croissance-2026-par-les-echos_xefi-partenaire-informatique-de-proximite-des-tpe-et-pme-300x199.png\" class=\"attachment-medium size-medium wp-post-image\" alt=\"\" srcset=\"https:\/\/www.xefi.fr\/wp-content\/uploads\/sites\/2\/2026\/02\/xefi-classe-parmi-les-champions-de-la-croissance-2026-par-les-echos_xefi-partenaire-informatique-de-proximite-des-tpe-et-pme-300x199.png 300w, https:\/\/www.xefi.fr\/wp-content\/uploads\/sites\/2\/2026\/02\/xefi-classe-parmi-les-champions-de-la-croissance-2026-par-les-echos_xefi-partenaire-informatique-de-proximite-des-tpe-et-pme-768x510.png 768w, https:\/\/www.xefi.fr\/wp-content\/uploads\/sites\/2\/2026\/02\/xefi-classe-parmi-les-champions-de-la-croissance-2026-par-les-echos_xefi-partenaire-informatique-de-proximite-des-tpe-et-pme.png 1025w\" sizes=\"auto, (max-width: 300px) 100vw, 300px\" \/>    <\/a>\n  <\/div>\n  \n  <div class=\"mbf-post-content\">\n    <div class=\"mbf-post-meta\">\n          <\/div>\n\n    <h3 class=\"mbf-post-title\">\n      <a href=\"https:\/\/www.xefi.fr\/fr\/xefi-champion-de-la-croissance-2026-un-partenaire-de-confiance-pour-la-performance-des-tpe-pme\/\">XEFI : Champion de la Croissance 2026, un partenaire de confiance pour la performance des TPE\/PME<\/a>\n    <\/h3>\n\n    <p class=\"mbf-post-date\">16 f\u00e9vrier 2026<\/p>\n  <\/div>\n<\/article>    <\/div>\n\n    <nav class=\"mbf-pagination\" role=\"navigation\"\n      aria-label=\"Pagination des articles\">\n            <div class=\"mbf-pagination-wrapper\">\n        <button class=\"mbf-page-btn active\" data-page=\"1\">1<\/button>\n                          <button class=\"mbf-page-btn\" data-page=\"2\">2<\/button>\n                          <span class=\"mbf-page-ellipsis\">&hellip;<\/span>\n                          <button class=\"mbf-page-btn\" data-page=\"6\">6<\/button>\n                <button class=\"mbf-page-btn mbf-next\"\n          data-page=\"2\">Suivant \u2192<\/button>\n      <\/div>\n          <\/nav>\n  <\/div>\n\n<\/div>\n<\/div>\n","protected":false},"excerpt":{"rendered":"<p>Parole \u00e0 nos experts Tous nos conseils d&rsquo;experts et actualit\u00e9s<\/p>\n","protected":false},"author":1,"featured_media":11584,"parent":145,"menu_order":62,"comment_status":"closed","ping_status":"closed","template":"","meta":{"_acf_changed":false,"footnotes":""},"class_list":["post-157","page","type-page","status-publish","has-post-thumbnail","hentry","page_location-decouvrir-xefi","page_location-menu-mobile","page_location-menu-secondaire"],"acf":[],"_links":{"self":[{"href":"https:\/\/www.xefi.fr\/fr\/wp-json\/wp\/v2\/pages\/157","targetHints":{"allow":["GET"]}}],"collection":[{"href":"https:\/\/www.xefi.fr\/fr\/wp-json\/wp\/v2\/pages"}],"about":[{"href":"https:\/\/www.xefi.fr\/fr\/wp-json\/wp\/v2\/types\/page"}],"author":[{"embeddable":true,"href":"https:\/\/www.xefi.fr\/fr\/wp-json\/wp\/v2\/users\/1"}],"replies":[{"embeddable":true,"href":"https:\/\/www.xefi.fr\/fr\/wp-json\/wp\/v2\/comments?post=157"}],"version-history":[{"count":26,"href":"https:\/\/www.xefi.fr\/fr\/wp-json\/wp\/v2\/pages\/157\/revisions"}],"predecessor-version":[{"id":16317,"href":"https:\/\/www.xefi.fr\/fr\/wp-json\/wp\/v2\/pages\/157\/revisions\/16317"}],"up":[{"embeddable":true,"href":"https:\/\/www.xefi.fr\/fr\/wp-json\/wp\/v2\/pages\/145"}],"wp:featuredmedia":[{"embeddable":true,"href":"https:\/\/www.xefi.fr\/fr\/wp-json\/wp\/v2\/media\/11584"}],"wp:attachment":[{"href":"https:\/\/www.xefi.fr\/fr\/wp-json\/wp\/v2\/media?parent=157"}],"curies":[{"name":"wp","href":"https:\/\/api.w.org\/{rel}","templated":true}]}}